{"id":27,"date":"2020-08-26T18:09:45","date_gmt":"2020-08-26T18:09:45","guid":{"rendered":"http:\/\/td_uid_1_5f46a5692f69a"},"modified":"2026-04-11T15:13:35","modified_gmt":"2026-04-11T15:13:35","slug":"home","status":"publish","type":"page","link":"http:\/\/hoycordobaweb.com\/","title":{"rendered":"Home"},"content":{"rendered":"<p>[vc_row el_class=\u00bbtd-grid-what\u00bb][vc_column][vc_single_image image=\u00bb135094&#8243; img_size=\u00bbfull\u00bb alignment=\u00bbcenter\u00bb onclick=\u00bbcustom_link\u00bb link=\u00bbhttps:\/\/www.cba.gov.ar\/prevencion-incendios\/\u00bb]<div class=\"td_block_wrap td_block_big_grid_7 td_uid_1_69f2e0fff406c_rand td-grid-style-1 td-hover-1 td-pb-border-top td_block_template_11\"  data-td-block-uid=\"td_uid_1_69f2e0fff406c\" ><div id=td_uid_1_69f2e0fff406c class=\"td_block_inner\"><div class=\"td-big-grid-wrapper\">\r\n        <div class=\"td_module_mx12 td-animation-stack td-big-grid-post-0 td-big-grid-post td-small-thumb\">\r\n            <div class=\"td-module-thumb\"><a href=\"http:\/\/hoycordobaweb.com\/index.php\/2026\/04\/29\/milei-se-molesto-por-una-pregunta-sobre-la-inflacion-no-es-el-lugar-no-es-el-momento\/\" rel=\"bookmark\" title=\"Milei se molest\u00f3 por una pregunta sobre la inflaci\u00f3n: \u00abNo es el lugar, no es el momento\u00bb\"><img width=\"356\" height=\"220\" class=\"entry-thumb\" src=\"http:\/\/hoycordobaweb.com\/wp-content\/uploads\/2026\/04\/milei-se-molesto-por-una-pregunta-sobre-la-inflacion-no-es-el-lugar-no-es-el-momento-356x220.jpg\" alt=\"\" title=\"Milei se molest\u00f3 por una pregunta sobre la inflaci\u00f3n: \u00abNo es el lugar, no es el momento\u00bb\"\/><\/a><\/div>            <div class=\"td-meta-info-container\">\r\n                <div class=\"td-meta-align\">\r\n                    <div class=\"td-big-grid-meta\">\r\n                                                <h3 class=\"entry-title td-module-title\"><a href=\"http:\/\/hoycordobaweb.com\/index.php\/2026\/04\/29\/milei-se-molesto-por-una-pregunta-sobre-la-inflacion-no-es-el-lugar-no-es-el-momento\/\" rel=\"bookmark\" title=\"Milei se molest\u00f3 por una pregunta sobre la inflaci\u00f3n: \u00abNo es el lugar, no es el momento\u00bb\">Milei se molest\u00f3 por una pregunta sobre la inflaci\u00f3n: \u00abNo es el lugar, no es el momento\u00bb<\/a><\/h3>                    <\/div>\r\n                    <div class=\"td-module-meta-info\">\r\n                        <span class=\"td-post-author-name\"><a href=\"http:\/\/hoycordobaweb.com\/index.php\/author\/gthief\/\">HoyCordobaWeb<\/a> <span>-<\/span> <\/span>                        <span class=\"td-post-date\"><time class=\"entry-date updated td-module-date\" datetime=\"2026-04-29T05:07:00+00:00\" >29 de abril de 2026<\/time><\/span>                    <\/div>\r\n                <\/div>\r\n            <\/div>\r\n\r\n        <\/div>\r\n\r\n        <div class=\"td-big-grid-scroll\">\r\n        <div class=\"td_module_mx12 td-animation-stack td-big-grid-post-1 td-big-grid-post td-small-thumb\">\r\n            <div class=\"td-module-thumb\"><a href=\"http:\/\/hoycordobaweb.com\/index.php\/2026\/04\/28\/adorni-prepara-su-show-en-diputados-mientras-le-sacan-el-pan-a-los-mas-pobres-advirtio-monica-frade-en-qr\/\" rel=\"bookmark\" title=\"\u201cAdorni prepara su show en Diputados mientras le sacan el pan a los m\u00e1s pobres\u201d, advirti\u00f3 M\u00f3nica Frade en\u00a0\u201cQR!\u201d\"><img width=\"356\" height=\"220\" class=\"entry-thumb\" src=\"http:\/\/hoycordobaweb.com\/wp-content\/uploads\/2026\/04\/adorni-prepara-su-show-en-diputados-mientras-le-sacan-el-pan-a-los-mas-pobres-advirtio-monica-frade-en-qr-356x220.jpg\" alt=\"\" title=\"\u201cAdorni prepara su show en Diputados mientras le sacan el pan a los m\u00e1s pobres\u201d, advirti\u00f3 M\u00f3nica Frade en\u00a0\u201cQR!\u201d\"\/><\/a><\/div>            <div class=\"td-meta-info-container\">\r\n                <div class=\"td-meta-align\">\r\n                    <div class=\"td-big-grid-meta\">\r\n                                                <h3 class=\"entry-title td-module-title\"><a href=\"http:\/\/hoycordobaweb.com\/index.php\/2026\/04\/28\/adorni-prepara-su-show-en-diputados-mientras-le-sacan-el-pan-a-los-mas-pobres-advirtio-monica-frade-en-qr\/\" rel=\"bookmark\" title=\"\u201cAdorni prepara su show en Diputados mientras le sacan el pan a los m\u00e1s pobres\u201d, advirti\u00f3 M\u00f3nica Frade en\u00a0\u201cQR!\u201d\">\u201cAdorni prepara su show en Diputados mientras le sacan el pan a los m\u00e1s pobres\u201d, advirti\u00f3 M\u00f3nica Frade en\u00a0\u201cQR!\u201d<\/a><\/h3>                    <\/div>\r\n                    <div class=\"td-module-meta-info\">\r\n                        <span class=\"td-post-author-name\"><a href=\"http:\/\/hoycordobaweb.com\/index.php\/author\/gthief\/\">HoyCordobaWeb<\/a> <span>-<\/span> <\/span>                        <span class=\"td-post-date\"><time class=\"entry-date updated td-module-date\" datetime=\"2026-04-28T02:50:00+00:00\" >28 de abril de 2026<\/time><\/span>                    <\/div>\r\n                <\/div>\r\n            <\/div>\r\n\r\n        <\/div>\r\n\r\n        \r\n        <div class=\"td_module_mx12 td-animation-stack td-big-grid-post-2 td-big-grid-post td-small-thumb\">\r\n            <div class=\"td-module-thumb\"><a href=\"http:\/\/hoycordobaweb.com\/index.php\/2026\/04\/27\/quien-es-fernando-herrman-el-nuevo-secretario-de-infraestructura-que-reemplaza-a-carlos-frugoni\/\" rel=\"bookmark\" title=\"Qui\u00e9n es Fernando Herrman, el nuevo secretario de Infraestructura que reemplaza a Carlos Frugoni\"><img width=\"356\" height=\"220\" class=\"entry-thumb\" src=\"http:\/\/hoycordobaweb.com\/wp-content\/uploads\/2026\/04\/quien-es-fernando-herrman-el-nuevo-secretario-de-infraestructura-que-reemplaza-a-carlos-frugoni-356x220.jpg\" alt=\"\" title=\"Qui\u00e9n es Fernando Herrman, el nuevo secretario de Infraestructura que reemplaza a Carlos Frugoni\"\/><\/a><\/div>            <div class=\"td-meta-info-container\">\r\n                <div class=\"td-meta-align\">\r\n                    <div class=\"td-big-grid-meta\">\r\n                                                <h3 class=\"entry-title td-module-title\"><a href=\"http:\/\/hoycordobaweb.com\/index.php\/2026\/04\/27\/quien-es-fernando-herrman-el-nuevo-secretario-de-infraestructura-que-reemplaza-a-carlos-frugoni\/\" rel=\"bookmark\" title=\"Qui\u00e9n es Fernando Herrman, el nuevo secretario de Infraestructura que reemplaza a Carlos Frugoni\">Qui\u00e9n es Fernando Herrman, el nuevo secretario de Infraestructura que reemplaza a Carlos Frugoni<\/a><\/h3>                    <\/div>\r\n                    <div class=\"td-module-meta-info\">\r\n                        <span class=\"td-post-author-name\"><a href=\"http:\/\/hoycordobaweb.com\/index.php\/author\/gthief\/\">HoyCordobaWeb<\/a> <span>-<\/span> <\/span>                        <span class=\"td-post-date\"><time class=\"entry-date updated td-module-date\" datetime=\"2026-04-27T05:50:00+00:00\" >27 de abril de 2026<\/time><\/span>                    <\/div>\r\n                <\/div>\r\n            <\/div>\r\n\r\n        <\/div>\r\n\r\n        \r\n        <div class=\"td_module_mx6 td-animation-stack td-big-grid-post-3 td-big-grid-post td-small-thumb\">\r\n            <div class=\"td-module-thumb\"><a href=\"http:\/\/hoycordobaweb.com\/index.php\/2026\/04\/26\/el-club-de-los-lectores-ilusos\/\" rel=\"bookmark\" title=\"El club de los lectores ilusos\"><img width=\"265\" height=\"198\" class=\"entry-thumb\" src=\"http:\/\/hoycordobaweb.com\/wp-content\/uploads\/2026\/04\/el-club-de-los-lectores-ilusos-265x198.jpg\" srcset=\"http:\/\/hoycordobaweb.com\/wp-content\/uploads\/2026\/04\/el-club-de-los-lectores-ilusos-265x198.jpg 265w, http:\/\/hoycordobaweb.com\/wp-content\/uploads\/2026\/04\/el-club-de-los-lectores-ilusos-80x60.jpg 80w\" sizes=\"(max-width: 265px) 100vw, 265px\" alt=\"\" title=\"El club de los lectores ilusos\"\/><\/a><\/div>            <div class=\"td-meta-info-container\">\r\n                <div class=\"td-meta-align\">\r\n                    <div class=\"td-big-grid-meta\">\r\n                                                <h3 class=\"entry-title td-module-title\"><a href=\"http:\/\/hoycordobaweb.com\/index.php\/2026\/04\/26\/el-club-de-los-lectores-ilusos\/\" rel=\"bookmark\" title=\"El club de los lectores ilusos\">El club de los lectores ilusos<\/a><\/h3>                    <\/div>\r\n                <\/div>\r\n            <\/div>\r\n\r\n        <\/div>\r\n\r\n\r\n        \r\n        <div class=\"td_module_mx6 td-animation-stack td-big-grid-post-4 td-big-grid-post td-small-thumb\">\r\n            <div class=\"td-module-thumb\"><a href=\"http:\/\/hoycordobaweb.com\/index.php\/2026\/04\/25\/cientos-de-personas-participaron-del-cat-women-summit-capitulo-cordoba\/\" rel=\"bookmark\" title=\"Cientos de personas participaron del CAT Women Summit cap\u00edtulo C\u00f3rdoba\"><img width=\"265\" height=\"198\" class=\"entry-thumb\" src=\"http:\/\/hoycordobaweb.com\/wp-content\/uploads\/2026\/04\/cientos-de-personas-participaron-del-cat-women-summit-capitulo-cordoba-265x198.jpg\" srcset=\"http:\/\/hoycordobaweb.com\/wp-content\/uploads\/2026\/04\/cientos-de-personas-participaron-del-cat-women-summit-capitulo-cordoba-265x198.jpg 265w, http:\/\/hoycordobaweb.com\/wp-content\/uploads\/2026\/04\/cientos-de-personas-participaron-del-cat-women-summit-capitulo-cordoba-80x60.jpg 80w\" sizes=\"(max-width: 265px) 100vw, 265px\" alt=\"\" title=\"Cientos de personas participaron del CAT Women Summit cap\u00edtulo C\u00f3rdoba\"\/><\/a><\/div>            <div class=\"td-meta-info-container\">\r\n                <div class=\"td-meta-align\">\r\n                    <div class=\"td-big-grid-meta\">\r\n                                                <h3 class=\"entry-title td-module-title\"><a href=\"http:\/\/hoycordobaweb.com\/index.php\/2026\/04\/25\/cientos-de-personas-participaron-del-cat-women-summit-capitulo-cordoba\/\" rel=\"bookmark\" title=\"Cientos de personas participaron del CAT Women Summit cap\u00edtulo C\u00f3rdoba\">Cientos de personas participaron del CAT Women Summit cap\u00edtulo C\u00f3rdoba<\/a><\/h3>                    <\/div>\r\n                <\/div>\r\n            <\/div>\r\n\r\n        <\/div>\r\n\r\n\r\n        \r\n        <div class=\"td_module_mx6 td-animation-stack td-big-grid-post-5 td-big-grid-post td-small-thumb\">\r\n            <div class=\"td-module-thumb\"><a href=\"http:\/\/hoycordobaweb.com\/index.php\/2026\/04\/25\/realismo-magico-con-musica-de-chavela-vargas\/\" rel=\"bookmark\" title=\"Realismo m\u00e1gico con m\u00fasica de Chavela Vargas\"><img width=\"265\" height=\"198\" class=\"entry-thumb\" src=\"http:\/\/hoycordobaweb.com\/wp-content\/uploads\/2026\/04\/realismo-magico-con-musica-de-chavela-vargas-265x198.jpg\" srcset=\"http:\/\/hoycordobaweb.com\/wp-content\/uploads\/2026\/04\/realismo-magico-con-musica-de-chavela-vargas-265x198.jpg 265w, http:\/\/hoycordobaweb.com\/wp-content\/uploads\/2026\/04\/realismo-magico-con-musica-de-chavela-vargas-80x60.jpg 80w\" sizes=\"(max-width: 265px) 100vw, 265px\" alt=\"\" title=\"Realismo m\u00e1gico con m\u00fasica de Chavela Vargas\"\/><\/a><\/div>            <div class=\"td-meta-info-container\">\r\n                <div class=\"td-meta-align\">\r\n                    <div class=\"td-big-grid-meta\">\r\n                                                <h3 class=\"entry-title td-module-title\"><a href=\"http:\/\/hoycordobaweb.com\/index.php\/2026\/04\/25\/realismo-magico-con-musica-de-chavela-vargas\/\" rel=\"bookmark\" title=\"Realismo m\u00e1gico con m\u00fasica de Chavela Vargas\">Realismo m\u00e1gico con m\u00fasica de Chavela Vargas<\/a><\/h3>                    <\/div>\r\n                <\/div>\r\n            <\/div>\r\n\r\n        <\/div>\r\n\r\n\r\n        \r\n        <div class=\"td_module_mx6 td-animation-stack td-big-grid-post-6 td-big-grid-post td-small-thumb\">\r\n            <div class=\"td-module-thumb\"><a href=\"http:\/\/hoycordobaweb.com\/index.php\/2026\/04\/24\/revelan-que-sucedio-con-el-avion-militar-que-se-estrello-en-colombia-y-dejo-69-muertos\/\" rel=\"bookmark\" title=\"Revelan qu\u00e9 sucedi\u00f3 con el avi\u00f3n militar que se estrell\u00f3 en Colombia y dej\u00f3 69 muertos\"><img width=\"265\" height=\"198\" class=\"entry-thumb\" src=\"http:\/\/hoycordobaweb.com\/wp-content\/uploads\/2026\/04\/revelan-que-sucedio-con-el-avion-militar-que-se-estrello-en-colombia-y-dejo-69-muertos-265x198.jpg\" srcset=\"http:\/\/hoycordobaweb.com\/wp-content\/uploads\/2026\/04\/revelan-que-sucedio-con-el-avion-militar-que-se-estrello-en-colombia-y-dejo-69-muertos-265x198.jpg 265w, http:\/\/hoycordobaweb.com\/wp-content\/uploads\/2026\/04\/revelan-que-sucedio-con-el-avion-militar-que-se-estrello-en-colombia-y-dejo-69-muertos-80x60.jpg 80w\" sizes=\"(max-width: 265px) 100vw, 265px\" alt=\"\" title=\"Revelan qu\u00e9 sucedi\u00f3 con el avi\u00f3n militar que se estrell\u00f3 en Colombia y dej\u00f3 69 muertos\"\/><\/a><\/div>            <div class=\"td-meta-info-container\">\r\n                <div class=\"td-meta-align\">\r\n                    <div class=\"td-big-grid-meta\">\r\n                                                <h3 class=\"entry-title td-module-title\"><a href=\"http:\/\/hoycordobaweb.com\/index.php\/2026\/04\/24\/revelan-que-sucedio-con-el-avion-militar-que-se-estrello-en-colombia-y-dejo-69-muertos\/\" rel=\"bookmark\" title=\"Revelan qu\u00e9 sucedi\u00f3 con el avi\u00f3n militar que se estrell\u00f3 en Colombia y dej\u00f3 69 muertos\">Revelan qu\u00e9 sucedi\u00f3 con el avi\u00f3n militar que se estrell\u00f3 en Colombia y dej\u00f3 69 muertos<\/a><\/h3>                    <\/div>\r\n                <\/div>\r\n            <\/div>\r\n\r\n        <\/div>\r\n\r\n\r\n        <\/div><\/div><div class=\"clearfix\"><\/div><\/div><\/div> <!-- .\/block -->[vc_raw_html]JTVCc2dfcG9wdXAlMjBpZCUzRDYwMDc2JTVE[\/vc_raw_html][\/vc_column][\/vc_row][vc_row el_class=\u00bbtd-grid-what\u00bb][vc_column width=\u00bb1\/2&#8243;][vc_single_image image=\u00bb75485&#8243; img_size=\u00bbfull\u00bb alignment=\u00bbcenter\u00bb][\/vc_column][vc_column width=\u00bb1\/2&#8243;][vc_single_image image=\u00bb75488&#8243; img_size=\u00bbfull\u00bb onclick=\u00bbcustom_link\u00bb link=\u00bbhttps:\/\/www.hacemosunidosporcordoba.com\/\u00bb][\/vc_column][\/vc_row][vc_row][vc_column width=\u00bb1\/4&#8243;]<div class=\"td_block_wrap td_block_9 td_uid_2_69f2e10005b94_rand td-pb-border-top td_block_template_11\"  data-td-block-uid=\"td_uid_2_69f2e10005b94\" ><script>var block_td_uid_2_69f2e10005b94 = new tdBlock();\nblock_td_uid_2_69f2e10005b94.id = \"td_uid_2_69f2e10005b94\";\nblock_td_uid_2_69f2e10005b94.atts = '{\"limit\":\"4\",\"sort\":\"\",\"post_ids\":\"\",\"tag_slug\":\"\",\"autors_id\":\"\",\"installed_post_types\":\"\",\"category_id\":\"32\",\"category_ids\":\"\",\"custom_title\":\"LOCALES\",\"custom_url\":\"\",\"show_child_cat\":\"\",\"sub_cat_ajax\":\"\",\"ajax_pagination\":\"\",\"header_color\":\"\",\"header_text_color\":\"\",\"ajax_pagination_infinite_stop\":\"\",\"td_column_number\":1,\"td_ajax_preloading\":\"\",\"td_ajax_filter_type\":\"\",\"td_ajax_filter_ids\":\"\",\"td_filter_default_txt\":\"Todo\",\"color_preset\":\"\",\"border_top\":\"\",\"class\":\"td_uid_2_69f2e10005b94_rand\",\"el_class\":\"\",\"offset\":\"\",\"css\":\"\",\"tdc_css\":\"\",\"tdc_css_class\":\"td_uid_2_69f2e10005b94_rand\",\"live_filter\":\"\",\"live_filter_cur_post_id\":\"\",\"live_filter_cur_post_author\":\"\",\"block_template_id\":\"\"}';\nblock_td_uid_2_69f2e10005b94.td_column_number = \"1\";\nblock_td_uid_2_69f2e10005b94.block_type = \"td_block_9\";\nblock_td_uid_2_69f2e10005b94.post_count = \"4\";\nblock_td_uid_2_69f2e10005b94.found_posts = \"698\";\nblock_td_uid_2_69f2e10005b94.header_color = \"\";\nblock_td_uid_2_69f2e10005b94.ajax_pagination_infinite_stop = \"\";\nblock_td_uid_2_69f2e10005b94.max_num_pages = \"175\";\ntdBlocksArray.push(block_td_uid_2_69f2e10005b94);\n<\/script><div class=\"td-block-title-wrap\"><h4 class=\"td-block-title\"><span class=\"td-pulldown-size\">LOCALES<\/span><\/h4><\/div><div id=td_uid_2_69f2e10005b94 class=\"td_block_inner\">\n\n\t<div class=\"td-block-span12\">\n\r\n        <div class=\"td_module_8 td_module_wrap\">\r\n\r\n            <div class=\"item-details\">\r\n                <h3 class=\"entry-title td-module-title\"><a href=\"http:\/\/hoycordobaweb.com\/index.php\/2026\/04\/28\/veinte-escuelas-deportivas-barriales-obtuvieron-su-personeria-juridica\/\" rel=\"bookmark\" title=\"Veinte escuelas deportivas barriales obtuvieron su personer\u00eda jur\u00eddica\">Veinte escuelas deportivas barriales obtuvieron su personer\u00eda jur\u00eddica<\/a><\/h3>\r\n                <div class=\"td-module-meta-info\">\r\n                                        <span class=\"td-post-author-name\"><a href=\"http:\/\/hoycordobaweb.com\/index.php\/author\/gthief\/\">HoyCordobaWeb<\/a> <span>-<\/span> <\/span>                    <span class=\"td-post-date\"><time class=\"entry-date updated td-module-date\" datetime=\"2026-04-28T14:56:37+00:00\" >28 de abril de 2026<\/time><\/span>                    <div class=\"td-module-comments\"><a href=\"http:\/\/hoycordobaweb.com\/index.php\/2026\/04\/28\/veinte-escuelas-deportivas-barriales-obtuvieron-su-personeria-juridica\/#respond\">0<\/a><\/div>                <\/div>\r\n            <\/div>\r\n\r\n            \r\n        <\/div>\r\n\r\n        \n\t<\/div> <!-- .\/td-block-span12 -->\n\n\t<div class=\"td-block-span12\">\n\r\n        <div class=\"td_module_8 td_module_wrap\">\r\n\r\n            <div class=\"item-details\">\r\n                <h3 class=\"entry-title td-module-title\"><a href=\"http:\/\/hoycordobaweb.com\/index.php\/2026\/04\/22\/tres-paises-mismo-resultado-la-pandemia-dejo-secuelas-familias-aun-latentes\/\" rel=\"bookmark\" title=\"Tres pa\u00edses, mismo resultado: la pandemia dej\u00f3 secuelas familias a\u00fan latentes\">Tres pa\u00edses, mismo resultado: la pandemia dej\u00f3 secuelas familias a\u00fan latentes<\/a><\/h3>\r\n                <div class=\"td-module-meta-info\">\r\n                                        <span class=\"td-post-author-name\"><a href=\"http:\/\/hoycordobaweb.com\/index.php\/author\/gthief\/\">HoyCordobaWeb<\/a> <span>-<\/span> <\/span>                    <span class=\"td-post-date\"><time class=\"entry-date updated td-module-date\" datetime=\"2026-04-22T12:29:41+00:00\" >22 de abril de 2026<\/time><\/span>                    <div class=\"td-module-comments\"><a href=\"http:\/\/hoycordobaweb.com\/index.php\/2026\/04\/22\/tres-paises-mismo-resultado-la-pandemia-dejo-secuelas-familias-aun-latentes\/#respond\">0<\/a><\/div>                <\/div>\r\n            <\/div>\r\n\r\n            \r\n        <\/div>\r\n\r\n        \n\t<\/div> <!-- .\/td-block-span12 -->\n\n\t<div class=\"td-block-span12\">\n\r\n        <div class=\"td_module_8 td_module_wrap\">\r\n\r\n            <div class=\"item-details\">\r\n                <h3 class=\"entry-title td-module-title\"><a href=\"http:\/\/hoycordobaweb.com\/index.php\/2026\/04\/17\/el-grave-endeudamiento-de-las-familias-inspiro-18-proyectos-de-ley-de-moratoria\/\" rel=\"bookmark\" title=\"El grave endeudamiento de las familias inspir\u00f3 18 proyectos de ley de moratoria\">El grave endeudamiento de las familias inspir\u00f3 18 proyectos de ley de moratoria<\/a><\/h3>\r\n                <div class=\"td-module-meta-info\">\r\n                                        <span class=\"td-post-author-name\"><a href=\"http:\/\/hoycordobaweb.com\/index.php\/author\/gthief\/\">HoyCordobaWeb<\/a> <span>-<\/span> <\/span>                    <span class=\"td-post-date\"><time class=\"entry-date updated td-module-date\" datetime=\"2026-04-17T13:22:55+00:00\" >17 de abril de 2026<\/time><\/span>                    <div class=\"td-module-comments\"><a href=\"http:\/\/hoycordobaweb.com\/index.php\/2026\/04\/17\/el-grave-endeudamiento-de-las-familias-inspiro-18-proyectos-de-ley-de-moratoria\/#respond\">0<\/a><\/div>                <\/div>\r\n            <\/div>\r\n\r\n            \r\n        <\/div>\r\n\r\n        \n\t<\/div> <!-- .\/td-block-span12 -->\n\n\t<div class=\"td-block-span12\">\n\r\n        <div class=\"td_module_8 td_module_wrap\">\r\n\r\n            <div class=\"item-details\">\r\n                <h3 class=\"entry-title td-module-title\"><a href=\"http:\/\/hoycordobaweb.com\/index.php\/2026\/04\/17\/critica-situacion-en-chubut-por-el-robo-de-cobre-pagan-mas-de-17-mil-el-kilo\/\" rel=\"bookmark\" title=\"Cr\u00edtica situaci\u00f3n en Chubut por el robo de cobre: pagan m\u00e1s de $17 mil el kilo\">Cr\u00edtica situaci\u00f3n en Chubut por el robo de cobre: pagan m\u00e1s de $17 mil...<\/a><\/h3>\r\n                <div class=\"td-module-meta-info\">\r\n                                        <span class=\"td-post-author-name\"><a href=\"http:\/\/hoycordobaweb.com\/index.php\/author\/gthief\/\">HoyCordobaWeb<\/a> <span>-<\/span> <\/span>                    <span class=\"td-post-date\"><time class=\"entry-date updated td-module-date\" datetime=\"2026-04-17T13:18:21+00:00\" >17 de abril de 2026<\/time><\/span>                    <div class=\"td-module-comments\"><a href=\"http:\/\/hoycordobaweb.com\/index.php\/2026\/04\/17\/critica-situacion-en-chubut-por-el-robo-de-cobre-pagan-mas-de-17-mil-el-kilo\/#respond\">0<\/a><\/div>                <\/div>\r\n            <\/div>\r\n\r\n            \r\n        <\/div>\r\n\r\n        \n\t<\/div> <!-- .\/td-block-span12 --><\/div><\/div> <!-- .\/block -->[\/vc_column][vc_column width=\u00bb1\/2&#8243;][vc_single_image image=\u00bb75486&#8243; img_size=\u00bbfull\u00bb alignment=\u00bbcenter\u00bb][\/vc_column][vc_column width=\u00bb1\/4&#8243;][\/vc_column][\/vc_row][vc_row][vc_column]<div class=\"td_block_wrap td_block_5 td_uid_3_69f2e1000766b_rand td-pb-border-top td_block_template_11\"  data-td-block-uid=\"td_uid_3_69f2e1000766b\" ><script>var block_td_uid_3_69f2e1000766b = new tdBlock();\nblock_td_uid_3_69f2e1000766b.id = \"td_uid_3_69f2e1000766b\";\nblock_td_uid_3_69f2e1000766b.atts = '{\"limit\":\"3\",\"sort\":\"\",\"post_ids\":\"\",\"tag_slug\":\"\",\"autors_id\":\"\",\"installed_post_types\":\"\",\"category_id\":\"16\",\"category_ids\":\"\",\"custom_title\":\"DEPORTES\",\"custom_url\":\"\",\"show_child_cat\":\"\",\"sub_cat_ajax\":\"\",\"ajax_pagination\":\"\",\"header_color\":\"\",\"header_text_color\":\"\",\"ajax_pagination_infinite_stop\":\"\",\"td_column_number\":1,\"td_ajax_preloading\":\"\",\"td_ajax_filter_type\":\"\",\"td_ajax_filter_ids\":\"\",\"td_filter_default_txt\":\"Todo\",\"color_preset\":\"\",\"border_top\":\"\",\"class\":\"td_uid_3_69f2e1000766b_rand\",\"el_class\":\"\",\"offset\":\"\",\"css\":\"\",\"tdc_css\":\"\",\"tdc_css_class\":\"td_uid_3_69f2e1000766b_rand\",\"live_filter\":\"\",\"live_filter_cur_post_id\":\"\",\"live_filter_cur_post_author\":\"\",\"block_template_id\":\"\"}';\nblock_td_uid_3_69f2e1000766b.td_column_number = \"1\";\nblock_td_uid_3_69f2e1000766b.block_type = \"td_block_5\";\nblock_td_uid_3_69f2e1000766b.post_count = \"3\";\nblock_td_uid_3_69f2e1000766b.found_posts = \"12280\";\nblock_td_uid_3_69f2e1000766b.header_color = \"\";\nblock_td_uid_3_69f2e1000766b.ajax_pagination_infinite_stop = \"\";\nblock_td_uid_3_69f2e1000766b.max_num_pages = \"4094\";\ntdBlocksArray.push(block_td_uid_3_69f2e1000766b);\n<\/script><div class=\"td-block-title-wrap\"><h4 class=\"td-block-title\"><span class=\"td-pulldown-size\">DEPORTES<\/span><\/h4><\/div><div id=td_uid_3_69f2e1000766b class=\"td_block_inner\">\n\n\t<div class=\"td-block-span12\">\n\r\n        <div class=\"td_module_3 td_module_wrap td-animation-stack\">\r\n            <div class=\"td-module-image\">\r\n                <div class=\"td-module-thumb\"><a href=\"http:\/\/hoycordobaweb.com\/index.php\/2026\/04\/29\/las-disculpas-de-bareiro-despues-de-su-roja-que-condiciono-a-boca-en-la-derrota-con-cruzeiro\/\" rel=\"bookmark\" title=\"Las disculpas de Bareiro despu\u00e9s de su roja que condicion\u00f3 a Boca en la derrota con Cruzeiro\"><img width=\"324\" height=\"235\" class=\"entry-thumb\" src=\"http:\/\/hoycordobaweb.com\/wp-content\/uploads\/2026\/04\/las-disculpas-de-bareiro-despues-de-su-roja-que-condiciono-a-boca-en-la-derrota-con-cruzeiro-1-324x235.jpg\" alt=\"\" title=\"Las disculpas de Bareiro despu\u00e9s de su roja que condicion\u00f3 a Boca en la derrota con Cruzeiro\"\/><\/a><\/div>                <a href=\"http:\/\/hoycordobaweb.com\/index.php\/category\/deportes\/\" class=\"td-post-category\">DEPORTES<\/a>            <\/div>\r\n            <h3 class=\"entry-title td-module-title\"><a href=\"http:\/\/hoycordobaweb.com\/index.php\/2026\/04\/29\/las-disculpas-de-bareiro-despues-de-su-roja-que-condiciono-a-boca-en-la-derrota-con-cruzeiro\/\" rel=\"bookmark\" title=\"Las disculpas de Bareiro despu\u00e9s de su roja que condicion\u00f3 a Boca en la derrota con Cruzeiro\">Las disculpas de Bareiro despu\u00e9s de su roja que condicion\u00f3 a...<\/a><\/h3>\r\n\r\n            <div class=\"td-module-meta-info\">\r\n                <span class=\"td-post-author-name\"><a href=\"http:\/\/hoycordobaweb.com\/index.php\/author\/gthief\/\">HoyCordobaWeb<\/a> <span>-<\/span> <\/span>                <span class=\"td-post-date\"><time class=\"entry-date updated td-module-date\" datetime=\"2026-04-29T03:35:33+00:00\" >29 de abril de 2026<\/time><\/span>                <div class=\"td-module-comments\"><a href=\"http:\/\/hoycordobaweb.com\/index.php\/2026\/04\/29\/las-disculpas-de-bareiro-despues-de-su-roja-que-condiciono-a-boca-en-la-derrota-con-cruzeiro\/#respond\">0<\/a><\/div>            <\/div>\r\n\r\n            \r\n        <\/div>\r\n\r\n        \n\t<\/div> <!-- .\/td-block-span12 -->\n\n\t<div class=\"td-block-span12\">\n\r\n        <div class=\"td_module_3 td_module_wrap td-animation-stack\">\r\n            <div class=\"td-module-image\">\r\n                <div class=\"td-module-thumb\"><a href=\"http:\/\/hoycordobaweb.com\/index.php\/2026\/04\/29\/detuvieron-a-un-hincha-de-boca-por-racismo-en-el-mineirao\/\" rel=\"bookmark\" title=\"Detuvieron a un hincha de Boca por racismo en el Mineirao\"><img width=\"324\" height=\"235\" class=\"entry-thumb\" src=\"http:\/\/hoycordobaweb.com\/wp-content\/uploads\/2026\/04\/detuvieron-a-un-hincha-de-boca-por-racismo-en-el-mineirao-1-324x235.jpg\" alt=\"\" title=\"Detuvieron a un hincha de Boca por racismo en el Mineirao\"\/><\/a><\/div>                <a href=\"http:\/\/hoycordobaweb.com\/index.php\/category\/deportes\/\" class=\"td-post-category\">DEPORTES<\/a>            <\/div>\r\n            <h3 class=\"entry-title td-module-title\"><a href=\"http:\/\/hoycordobaweb.com\/index.php\/2026\/04\/29\/detuvieron-a-un-hincha-de-boca-por-racismo-en-el-mineirao\/\" rel=\"bookmark\" title=\"Detuvieron a un hincha de Boca por racismo en el Mineirao\">Detuvieron a un hincha de Boca por racismo en el Mineirao<\/a><\/h3>\r\n\r\n            <div class=\"td-module-meta-info\">\r\n                <span class=\"td-post-author-name\"><a href=\"http:\/\/hoycordobaweb.com\/index.php\/author\/gthief\/\">HoyCordobaWeb<\/a> <span>-<\/span> <\/span>                <span class=\"td-post-date\"><time class=\"entry-date updated td-module-date\" datetime=\"2026-04-29T03:10:58+00:00\" >29 de abril de 2026<\/time><\/span>                <div class=\"td-module-comments\"><a href=\"http:\/\/hoycordobaweb.com\/index.php\/2026\/04\/29\/detuvieron-a-un-hincha-de-boca-por-racismo-en-el-mineirao\/#respond\">0<\/a><\/div>            <\/div>\r\n\r\n            \r\n        <\/div>\r\n\r\n        \n\t<\/div> <!-- .\/td-block-span12 -->\n\n\t<div class=\"td-block-span12\">\n\r\n        <div class=\"td_module_3 td_module_wrap td-animation-stack\">\r\n            <div class=\"td-module-image\">\r\n                <div class=\"td-module-thumb\"><a href=\"http:\/\/hoycordobaweb.com\/index.php\/2026\/04\/29\/el-uno-por-uno-de-la-caldeada-derrota-de-boca-con-cruzeiro-en-la-libertadores\/\" rel=\"bookmark\" title=\"El uno por uno de la caldeada derrota de Boca con Cruzeiro en la Libertadores\"><img width=\"300\" height=\"235\" class=\"entry-thumb\" src=\"http:\/\/hoycordobaweb.com\/wp-content\/uploads\/2026\/04\/el-uno-por-uno-de-la-caldeada-derrota-de-boca-con-cruzeiro-en-la-libertadores-1-300x235.jpg\" alt=\"\" title=\"El uno por uno de la caldeada derrota de Boca con Cruzeiro en la Libertadores\"\/><\/a><\/div>                <a href=\"http:\/\/hoycordobaweb.com\/index.php\/category\/deportes\/\" class=\"td-post-category\">DEPORTES<\/a>            <\/div>\r\n            <h3 class=\"entry-title td-module-title\"><a href=\"http:\/\/hoycordobaweb.com\/index.php\/2026\/04\/29\/el-uno-por-uno-de-la-caldeada-derrota-de-boca-con-cruzeiro-en-la-libertadores\/\" rel=\"bookmark\" title=\"El uno por uno de la caldeada derrota de Boca con Cruzeiro en la Libertadores\">El uno por uno de la caldeada derrota de Boca con...<\/a><\/h3>\r\n\r\n            <div class=\"td-module-meta-info\">\r\n                <span class=\"td-post-author-name\"><a href=\"http:\/\/hoycordobaweb.com\/index.php\/author\/gthief\/\">HoyCordobaWeb<\/a> <span>-<\/span> <\/span>                <span class=\"td-post-date\"><time class=\"entry-date updated td-module-date\" datetime=\"2026-04-29T03:03:58+00:00\" >29 de abril de 2026<\/time><\/span>                <div class=\"td-module-comments\"><a href=\"http:\/\/hoycordobaweb.com\/index.php\/2026\/04\/29\/el-uno-por-uno-de-la-caldeada-derrota-de-boca-con-cruzeiro-en-la-libertadores\/#respond\">0<\/a><\/div>            <\/div>\r\n\r\n            \r\n        <\/div>\r\n\r\n        \n\t<\/div> <!-- .\/td-block-span12 --><\/div><\/div> <!-- .\/block --><div class=\"td_block_wrap td_block_9 td_uid_4_69f2e1000e74d_rand td-pb-border-top td_block_template_11\"  data-td-block-uid=\"td_uid_4_69f2e1000e74d\" ><script>var block_td_uid_4_69f2e1000e74d = new tdBlock();\nblock_td_uid_4_69f2e1000e74d.id = \"td_uid_4_69f2e1000e74d\";\nblock_td_uid_4_69f2e1000e74d.atts = '{\"limit\":5,\"sort\":\"\",\"post_ids\":\"\",\"tag_slug\":\"\",\"autors_id\":\"\",\"installed_post_types\":\"\",\"category_id\":\"22\",\"category_ids\":\"\",\"custom_title\":\"RESUMEN DEPORTIVO\",\"custom_url\":\"\",\"show_child_cat\":\"\",\"sub_cat_ajax\":\"\",\"ajax_pagination\":\"\",\"header_color\":\"\",\"header_text_color\":\"\",\"ajax_pagination_infinite_stop\":\"\",\"td_column_number\":1,\"td_ajax_preloading\":\"\",\"td_ajax_filter_type\":\"\",\"td_ajax_filter_ids\":\"\",\"td_filter_default_txt\":\"Todo\",\"color_preset\":\"\",\"border_top\":\"\",\"class\":\"td_uid_4_69f2e1000e74d_rand\",\"el_class\":\"\",\"offset\":\"\",\"css\":\"\",\"tdc_css\":\"\",\"tdc_css_class\":\"td_uid_4_69f2e1000e74d_rand\",\"live_filter\":\"\",\"live_filter_cur_post_id\":\"\",\"live_filter_cur_post_author\":\"\",\"block_template_id\":\"\"}';\nblock_td_uid_4_69f2e1000e74d.td_column_number = \"1\";\nblock_td_uid_4_69f2e1000e74d.block_type = \"td_block_9\";\nblock_td_uid_4_69f2e1000e74d.post_count = \"5\";\nblock_td_uid_4_69f2e1000e74d.found_posts = \"5961\";\nblock_td_uid_4_69f2e1000e74d.header_color = \"\";\nblock_td_uid_4_69f2e1000e74d.ajax_pagination_infinite_stop = \"\";\nblock_td_uid_4_69f2e1000e74d.max_num_pages = \"1193\";\ntdBlocksArray.push(block_td_uid_4_69f2e1000e74d);\n<\/script><div class=\"td-block-title-wrap\"><h4 class=\"td-block-title\"><span class=\"td-pulldown-size\">RESUMEN DEPORTIVO<\/span><\/h4><\/div><div id=td_uid_4_69f2e1000e74d class=\"td_block_inner\">\n\n\t<div class=\"td-block-span12\">\n\r\n        <div class=\"td_module_8 td_module_wrap\">\r\n\r\n            <div class=\"item-details\">\r\n                <h3 class=\"entry-title td-module-title\"><a href=\"http:\/\/hoycordobaweb.com\/index.php\/2026\/04\/29\/parecia-imposible-pero-este-equipo-chileno-hizo-algo-impensado-en-argentina-diario-as\/\" rel=\"bookmark\" title=\"Parec\u00eda imposible, pero este equipo chileno hizo algo impensado en Argentina &#8211; Diario AS\">Parec\u00eda imposible, pero este equipo chileno hizo algo impensado en Argentina &#8211; Diario AS<\/a><\/h3>\r\n                <div class=\"td-module-meta-info\">\r\n                                        <span class=\"td-post-author-name\"><a href=\"http:\/\/hoycordobaweb.com\/index.php\/author\/gthief\/\">HoyCordobaWeb<\/a> <span>-<\/span> <\/span>                    <span class=\"td-post-date\"><time class=\"entry-date updated td-module-date\" datetime=\"2026-04-29T05:55:01+00:00\" >29 de abril de 2026<\/time><\/span>                    <div class=\"td-module-comments\"><a href=\"http:\/\/hoycordobaweb.com\/index.php\/2026\/04\/29\/parecia-imposible-pero-este-equipo-chileno-hizo-algo-impensado-en-argentina-diario-as\/#respond\">0<\/a><\/div>                <\/div>\r\n            <\/div>\r\n\r\n            \r\n        <\/div>\r\n\r\n        \n\t<\/div> <!-- .\/td-block-span12 -->\n\n\t<div class=\"td-block-span12\">\n\r\n        <div class=\"td_module_8 td_module_wrap\">\r\n\r\n            <div class=\"item-details\">\r\n                <h3 class=\"entry-title td-module-title\"><a href=\"http:\/\/hoycordobaweb.com\/index.php\/2026\/04\/29\/hay-equipo-vs-los-totora-contaron-todo-sobre-messi-en-brasil-2014-con-risas\/\" rel=\"bookmark\" title=\"HAY EQUIPO vs. LOS TOTORA Contaron TODO sobre Messi en Brasil 2014 con risas &#8230;\">HAY EQUIPO vs. LOS TOTORA Contaron TODO sobre Messi en Brasil 2014 con risas...<\/a><\/h3>\r\n                <div class=\"td-module-meta-info\">\r\n                                        <span class=\"td-post-author-name\"><a href=\"http:\/\/hoycordobaweb.com\/index.php\/author\/gthief\/\">HoyCordobaWeb<\/a> <span>-<\/span> <\/span>                    <span class=\"td-post-date\"><time class=\"entry-date updated td-module-date\" datetime=\"2026-04-29T04:24:06+00:00\" >29 de abril de 2026<\/time><\/span>                    <div class=\"td-module-comments\"><a href=\"http:\/\/hoycordobaweb.com\/index.php\/2026\/04\/29\/hay-equipo-vs-los-totora-contaron-todo-sobre-messi-en-brasil-2014-con-risas\/#respond\">0<\/a><\/div>                <\/div>\r\n            <\/div>\r\n\r\n            \r\n        <\/div>\r\n\r\n        \n\t<\/div> <!-- .\/td-block-span12 -->\n\n\t<div class=\"td-block-span12\">\n\r\n        <div class=\"td_module_8 td_module_wrap\">\r\n\r\n            <div class=\"item-details\">\r\n                <h3 class=\"entry-title td-module-title\"><a href=\"http:\/\/hoycordobaweb.com\/index.php\/2026\/04\/29\/levis-vuelve-al-futbol-de-la-mano-de-las-selecciones-del-mundial-2026-marca-en-zona\/\" rel=\"bookmark\" title=\"Levi&#039;s vuelve al f\u00fatbol de la mano de las selecciones del Mundial 2026 &#8211; Marca en Zona\">Levi&#039;s vuelve al f\u00fatbol de la mano de las selecciones del Mundial 2026 &#8211;...<\/a><\/h3>\r\n                <div class=\"td-module-meta-info\">\r\n                                        <span class=\"td-post-author-name\"><a href=\"http:\/\/hoycordobaweb.com\/index.php\/author\/gthief\/\">HoyCordobaWeb<\/a> <span>-<\/span> <\/span>                    <span class=\"td-post-date\"><time class=\"entry-date updated td-module-date\" datetime=\"2026-04-29T03:24:35+00:00\" >29 de abril de 2026<\/time><\/span>                    <div class=\"td-module-comments\"><a href=\"http:\/\/hoycordobaweb.com\/index.php\/2026\/04\/29\/levis-vuelve-al-futbol-de-la-mano-de-las-selecciones-del-mundial-2026-marca-en-zona\/#respond\">0<\/a><\/div>                <\/div>\r\n            <\/div>\r\n\r\n            \r\n        <\/div>\r\n\r\n        \n\t<\/div> <!-- .\/td-block-span12 -->\n\n\t<div class=\"td-block-span12\">\n\r\n        <div class=\"td_module_8 td_module_wrap\">\r\n\r\n            <div class=\"item-details\">\r\n                <h3 class=\"entry-title td-module-title\"><a href=\"http:\/\/hoycordobaweb.com\/index.php\/2026\/04\/28\/argentinos-juniors-se-lo-dio-vuelta-a-huracan-y-alcanzo-a-river-en-la-zona-b-deportv\/\" rel=\"bookmark\" title=\"Argentinos Juniors se lo dio vuelta a Hurac\u00e1n y alcanz\u00f3 a River en la zona B &#8211; DeporTV\">Argentinos Juniors se lo dio vuelta a Hurac\u00e1n y alcanz\u00f3 a River en la...<\/a><\/h3>\r\n                <div class=\"td-module-meta-info\">\r\n                                        <span class=\"td-post-author-name\"><a href=\"http:\/\/hoycordobaweb.com\/index.php\/author\/gthief\/\">HoyCordobaWeb<\/a> <span>-<\/span> <\/span>                    <span class=\"td-post-date\"><time class=\"entry-date updated td-module-date\" datetime=\"2026-04-28T02:26:17+00:00\" >28 de abril de 2026<\/time><\/span>                    <div class=\"td-module-comments\"><a href=\"http:\/\/hoycordobaweb.com\/index.php\/2026\/04\/28\/argentinos-juniors-se-lo-dio-vuelta-a-huracan-y-alcanzo-a-river-en-la-zona-b-deportv\/#respond\">0<\/a><\/div>                <\/div>\r\n            <\/div>\r\n\r\n            \r\n        <\/div>\r\n\r\n        \n\t<\/div> <!-- .\/td-block-span12 -->\n\n\t<div class=\"td-block-span12\">\n\r\n        <div class=\"td_module_8 td_module_wrap\">\r\n\r\n            <div class=\"item-details\">\r\n                <h3 class=\"entry-title td-module-title\"><a href=\"http:\/\/hoycordobaweb.com\/index.php\/2026\/04\/28\/asi-quedaron-las-tablas-de-posiciones-del-torneo-apertura-2026-tras-la-fecha-16\/\" rel=\"bookmark\" title=\"As\u00ed quedaron las tablas de posiciones del Torneo Apertura 2026, tras la fecha 16\">As\u00ed quedaron las tablas de posiciones del Torneo Apertura 2026, tras la fecha 16<\/a><\/h3>\r\n                <div class=\"td-module-meta-info\">\r\n                                        <span class=\"td-post-author-name\"><a href=\"http:\/\/hoycordobaweb.com\/index.php\/author\/gthief\/\">HoyCordobaWeb<\/a> <span>-<\/span> <\/span>                    <span class=\"td-post-date\"><time class=\"entry-date updated td-module-date\" datetime=\"2026-04-28T02:21:51+00:00\" >28 de abril de 2026<\/time><\/span>                    <div class=\"td-module-comments\"><a href=\"http:\/\/hoycordobaweb.com\/index.php\/2026\/04\/28\/asi-quedaron-las-tablas-de-posiciones-del-torneo-apertura-2026-tras-la-fecha-16\/#respond\">0<\/a><\/div>                <\/div>\r\n            <\/div>\r\n\r\n            \r\n        <\/div>\r\n\r\n        \n\t<\/div> <!-- .\/td-block-span12 --><\/div><\/div> <!-- .\/block -->[\/vc_column][\/vc_row][vc_row][vc_column width=\u00bb2\/3&#8243;]<div class=\"td_block_wrap td_block_5 td_uid_5_69f2e10011dd8_rand td-pb-border-top td_block_template_11\"  data-td-block-uid=\"td_uid_5_69f2e10011dd8\" ><script>var block_td_uid_5_69f2e10011dd8 = new tdBlock();\nblock_td_uid_5_69f2e10011dd8.id = \"td_uid_5_69f2e10011dd8\";\nblock_td_uid_5_69f2e10011dd8.atts = '{\"limit\":\"4\",\"sort\":\"\",\"post_ids\":\"\",\"tag_slug\":\"\",\"autors_id\":\"\",\"installed_post_types\":\"\",\"category_id\":\"24\",\"category_ids\":\"\",\"custom_title\":\"INTERNACIONALES\",\"custom_url\":\"\",\"show_child_cat\":\"\",\"sub_cat_ajax\":\"\",\"ajax_pagination\":\"\",\"header_color\":\"\",\"header_text_color\":\"\",\"ajax_pagination_infinite_stop\":\"\",\"td_column_number\":1,\"td_ajax_preloading\":\"\",\"td_ajax_filter_type\":\"\",\"td_ajax_filter_ids\":\"\",\"td_filter_default_txt\":\"Todo\",\"color_preset\":\"\",\"border_top\":\"\",\"class\":\"td_uid_5_69f2e10011dd8_rand\",\"el_class\":\"\",\"offset\":\"\",\"css\":\"\",\"tdc_css\":\"\",\"tdc_css_class\":\"td_uid_5_69f2e10011dd8_rand\",\"live_filter\":\"\",\"live_filter_cur_post_id\":\"\",\"live_filter_cur_post_author\":\"\",\"block_template_id\":\"\"}';\nblock_td_uid_5_69f2e10011dd8.td_column_number = \"1\";\nblock_td_uid_5_69f2e10011dd8.block_type = \"td_block_5\";\nblock_td_uid_5_69f2e10011dd8.post_count = \"4\";\nblock_td_uid_5_69f2e10011dd8.found_posts = \"1248\";\nblock_td_uid_5_69f2e10011dd8.header_color = \"\";\nblock_td_uid_5_69f2e10011dd8.ajax_pagination_infinite_stop = \"\";\nblock_td_uid_5_69f2e10011dd8.max_num_pages = \"312\";\ntdBlocksArray.push(block_td_uid_5_69f2e10011dd8);\n<\/script><div class=\"td-block-title-wrap\"><h4 class=\"td-block-title\"><span class=\"td-pulldown-size\">INTERNACIONALES<\/span><\/h4><\/div><div id=td_uid_5_69f2e10011dd8 class=\"td_block_inner\">\n\n\t<div class=\"td-block-span12\">\n\r\n        <div class=\"td_module_3 td_module_wrap td-animation-stack\">\r\n            <div class=\"td-module-image\">\r\n                <div class=\"td-module-thumb\"><a href=\"http:\/\/hoycordobaweb.com\/index.php\/2024\/04\/19\/israel-bombardeo-iran-en-respuesta-al-ataque-del-sabado-pasado\/\" rel=\"bookmark\" title=\"Israel bombarde\u00f3 Ir\u00e1n en respuesta al ataque del s\u00e1bado pasado\"><img width=\"324\" height=\"235\" class=\"entry-thumb\" src=\"http:\/\/hoycordobaweb.com\/wp-content\/uploads\/2024\/04\/israel-bombardeo-iran-en-respuesta-al-ataque-del-sabado-pasado-1-324x235.jpg\" alt=\"\" title=\"Israel bombarde\u00f3 Ir\u00e1n en respuesta al ataque del s\u00e1bado pasado\"\/><\/a><\/div>                <a href=\"http:\/\/hoycordobaweb.com\/index.php\/category\/internacionales\/\" class=\"td-post-category\">INTERNACIONALES<\/a>            <\/div>\r\n            <h3 class=\"entry-title td-module-title\"><a href=\"http:\/\/hoycordobaweb.com\/index.php\/2024\/04\/19\/israel-bombardeo-iran-en-respuesta-al-ataque-del-sabado-pasado\/\" rel=\"bookmark\" title=\"Israel bombarde\u00f3 Ir\u00e1n en respuesta al ataque del s\u00e1bado pasado\">Israel bombarde\u00f3 Ir\u00e1n en respuesta al ataque del s\u00e1bado pasado<\/a><\/h3>\r\n\r\n            <div class=\"td-module-meta-info\">\r\n                <span class=\"td-post-author-name\"><a href=\"http:\/\/hoycordobaweb.com\/index.php\/author\/gthief\/\">HoyCordobaWeb<\/a> <span>-<\/span> <\/span>                <span class=\"td-post-date\"><time class=\"entry-date updated td-module-date\" datetime=\"2024-04-19T05:06:37+00:00\" >19 de abril de 2024<\/time><\/span>                <div class=\"td-module-comments\"><a href=\"http:\/\/hoycordobaweb.com\/index.php\/2024\/04\/19\/israel-bombardeo-iran-en-respuesta-al-ataque-del-sabado-pasado\/#respond\">0<\/a><\/div>            <\/div>\r\n\r\n            \r\n        <\/div>\r\n\r\n        \n\t<\/div> <!-- .\/td-block-span12 -->\n\n\t<div class=\"td-block-span12\">\n\r\n        <div class=\"td_module_3 td_module_wrap td-animation-stack\">\r\n            <div class=\"td-module-image\">\r\n                <div class=\"td-module-thumb\"><a href=\"http:\/\/hoycordobaweb.com\/index.php\/2024\/04\/14\/israel-informa-levanta-alerta-iran-anuncia-ataque-y-biden-respaldara-a-israel\/\" rel=\"bookmark\" title=\"Israel informa: Levanta alerta, Ir\u00e1n anuncia ataque y Biden respaldar\u00e1 a Israel\"><img width=\"324\" height=\"235\" class=\"entry-thumb\" src=\"http:\/\/hoycordobaweb.com\/wp-content\/uploads\/2024\/04\/israel-informa-levanta-alerta-iran-anuncia-ataque-y-biden-respaldara-a-israel-1-324x235.jpg\" alt=\"\" title=\"Israel informa: Levanta alerta, Ir\u00e1n anuncia ataque y Biden respaldar\u00e1 a Israel\"\/><\/a><\/div>                <a href=\"http:\/\/hoycordobaweb.com\/index.php\/category\/internacionales\/\" class=\"td-post-category\">INTERNACIONALES<\/a>            <\/div>\r\n            <h3 class=\"entry-title td-module-title\"><a href=\"http:\/\/hoycordobaweb.com\/index.php\/2024\/04\/14\/israel-informa-levanta-alerta-iran-anuncia-ataque-y-biden-respaldara-a-israel\/\" rel=\"bookmark\" title=\"Israel informa: Levanta alerta, Ir\u00e1n anuncia ataque y Biden respaldar\u00e1 a Israel\">Israel informa: Levanta alerta, Ir\u00e1n anuncia ataque y Biden respaldar\u00e1 a...<\/a><\/h3>\r\n\r\n            <div class=\"td-module-meta-info\">\r\n                <span class=\"td-post-author-name\"><a href=\"http:\/\/hoycordobaweb.com\/index.php\/author\/gthief\/\">HoyCordobaWeb<\/a> <span>-<\/span> <\/span>                <span class=\"td-post-date\"><time class=\"entry-date updated td-module-date\" datetime=\"2024-04-14T04:47:59+00:00\" >14 de abril de 2024<\/time><\/span>                <div class=\"td-module-comments\"><a href=\"http:\/\/hoycordobaweb.com\/index.php\/2024\/04\/14\/israel-informa-levanta-alerta-iran-anuncia-ataque-y-biden-respaldara-a-israel\/#respond\">0<\/a><\/div>            <\/div>\r\n\r\n            \r\n        <\/div>\r\n\r\n        \n\t<\/div> <!-- .\/td-block-span12 -->\n\n\t<div class=\"td-block-span12\">\n\r\n        <div class=\"td_module_3 td_module_wrap td-animation-stack\">\r\n            <div class=\"td-module-image\">\r\n                <div class=\"td-module-thumb\"><a href=\"http:\/\/hoycordobaweb.com\/index.php\/2024\/04\/05\/sismo-de-48-sacude-nueva-york-nueva-jersey-y-sus-alrededores\/\" rel=\"bookmark\" title=\"Sismo de 4,8 sacude Nueva York, Nueva Jersey y sus alrededores\"><img width=\"324\" height=\"235\" class=\"entry-thumb\" src=\"http:\/\/hoycordobaweb.com\/wp-content\/uploads\/2024\/04\/sismo-de-48-sacude-nueva-york-nueva-jersey-y-sus-alrededores-324x235.png\" srcset=\"http:\/\/hoycordobaweb.com\/wp-content\/uploads\/2024\/04\/sismo-de-48-sacude-nueva-york-nueva-jersey-y-sus-alrededores-324x235.png 324w, http:\/\/hoycordobaweb.com\/wp-content\/uploads\/2024\/04\/sismo-de-48-sacude-nueva-york-nueva-jersey-y-sus-alrededores-667x486.png 667w\" sizes=\"(max-width: 324px) 100vw, 324px\" alt=\"\" title=\"Sismo de 4,8 sacude Nueva York, Nueva Jersey y sus alrededores\"\/><\/a><\/div>                <a href=\"http:\/\/hoycordobaweb.com\/index.php\/category\/internacionales\/\" class=\"td-post-category\">INTERNACIONALES<\/a>            <\/div>\r\n            <h3 class=\"entry-title td-module-title\"><a href=\"http:\/\/hoycordobaweb.com\/index.php\/2024\/04\/05\/sismo-de-48-sacude-nueva-york-nueva-jersey-y-sus-alrededores\/\" rel=\"bookmark\" title=\"Sismo de 4,8 sacude Nueva York, Nueva Jersey y sus alrededores\">Sismo de 4,8 sacude Nueva York, Nueva Jersey y sus alrededores<\/a><\/h3>\r\n\r\n            <div class=\"td-module-meta-info\">\r\n                <span class=\"td-post-author-name\"><a href=\"http:\/\/hoycordobaweb.com\/index.php\/author\/gthief\/\">HoyCordobaWeb<\/a> <span>-<\/span> <\/span>                <span class=\"td-post-date\"><time class=\"entry-date updated td-module-date\" datetime=\"2024-04-05T19:01:28+00:00\" >5 de abril de 2024<\/time><\/span>                <div class=\"td-module-comments\"><a href=\"http:\/\/hoycordobaweb.com\/index.php\/2024\/04\/05\/sismo-de-48-sacude-nueva-york-nueva-jersey-y-sus-alrededores\/#respond\">0<\/a><\/div>            <\/div>\r\n\r\n            \r\n        <\/div>\r\n\r\n        \n\t<\/div> <!-- .\/td-block-span12 -->\n\n\t<div class=\"td-block-span12\">\n\r\n        <div class=\"td_module_3 td_module_wrap td-animation-stack\">\r\n            <div class=\"td-module-image\">\r\n                <div class=\"td-module-thumb\"><a href=\"http:\/\/hoycordobaweb.com\/index.php\/2024\/03\/26\/derrumbe-del-puente-francis-scott-key-en-baltimore-tras-impacto-de-un-gran-barco\/\" rel=\"bookmark\" title=\"Derrumbe del puente Francis Scott Key en Baltimore tras impacto de un gran barco\"><img width=\"324\" height=\"235\" class=\"entry-thumb\" src=\"http:\/\/hoycordobaweb.com\/wp-content\/uploads\/2024\/04\/derrumbe-del-puente-francis-scott-key-en-baltimore-tras-impacto-de-un-gran-barco-1-324x235.jpg\" alt=\"\" title=\"Derrumbe del puente Francis Scott Key en Baltimore tras impacto de un gran barco\"\/><\/a><\/div>                <a href=\"http:\/\/hoycordobaweb.com\/index.php\/category\/internacionales\/\" class=\"td-post-category\">INTERNACIONALES<\/a>            <\/div>\r\n            <h3 class=\"entry-title td-module-title\"><a href=\"http:\/\/hoycordobaweb.com\/index.php\/2024\/03\/26\/derrumbe-del-puente-francis-scott-key-en-baltimore-tras-impacto-de-un-gran-barco\/\" rel=\"bookmark\" title=\"Derrumbe del puente Francis Scott Key en Baltimore tras impacto de un gran barco\">Derrumbe del puente Francis Scott Key en Baltimore tras impacto de...<\/a><\/h3>\r\n\r\n            <div class=\"td-module-meta-info\">\r\n                <span class=\"td-post-author-name\"><a href=\"http:\/\/hoycordobaweb.com\/index.php\/author\/gthief\/\">HoyCordobaWeb<\/a> <span>-<\/span> <\/span>                <span class=\"td-post-date\"><time class=\"entry-date updated td-module-date\" datetime=\"2024-03-26T17:05:34+00:00\" >26 de marzo de 2024<\/time><\/span>                <div class=\"td-module-comments\"><a href=\"http:\/\/hoycordobaweb.com\/index.php\/2024\/03\/26\/derrumbe-del-puente-francis-scott-key-en-baltimore-tras-impacto-de-un-gran-barco\/#respond\">0<\/a><\/div>            <\/div>\r\n\r\n            \r\n        <\/div>\r\n\r\n        \n\t<\/div> <!-- .\/td-block-span12 --><\/div><\/div> <!-- .\/block -->[vc_single_image image=\u00bb75487&#8243; img_size=\u00bbfull\u00bb][\/vc_column][vc_column width=\u00bb1\/3&#8243;]<div class=\"td_block_wrap td_block_20 td_uid_6_69f2e100143cf_rand td-pb-border-top td_block_template_11\"  data-td-block-uid=\"td_uid_6_69f2e100143cf\" >\n<style scoped>\n.td_uid_6_69f2e100143cf_rand .td-block-title:before,\r\n            .td_uid_6_69f2e100143cf_rand .td-block-title:after {\r\n                background-color: #dd3333 !important;\r\n            }\n<\/style><script>var block_td_uid_6_69f2e100143cf = new tdBlock();\nblock_td_uid_6_69f2e100143cf.id = \"td_uid_6_69f2e100143cf\";\nblock_td_uid_6_69f2e100143cf.atts = '{\"limit\":\"3\",\"sort\":\"\",\"post_ids\":\"\",\"tag_slug\":\"\",\"autors_id\":\"\",\"installed_post_types\":\"\",\"category_id\":\"14\",\"category_ids\":\"\",\"custom_title\":\"\",\"custom_url\":\"\",\"show_child_cat\":\"\",\"sub_cat_ajax\":\"\",\"ajax_pagination\":\"\",\"header_color\":\"\",\"header_text_color\":\"\",\"ajax_pagination_infinite_stop\":\"\",\"td_column_number\":1,\"td_ajax_preloading\":\"\",\"td_ajax_filter_type\":\"\",\"td_ajax_filter_ids\":\"\",\"td_filter_default_txt\":\"Todo\",\"color_preset\":\"\",\"border_top\":\"\",\"class\":\"td_uid_6_69f2e100143cf_rand\",\"el_class\":\"\",\"offset\":\"\",\"css\":\"\",\"tdc_css\":\"\",\"tdc_css_class\":\"td_uid_6_69f2e100143cf_rand\",\"live_filter\":\"\",\"live_filter_cur_post_id\":\"\",\"live_filter_cur_post_author\":\"\",\"block_template_id\":\"\"}';\nblock_td_uid_6_69f2e100143cf.td_column_number = \"1\";\nblock_td_uid_6_69f2e100143cf.block_type = \"td_block_20\";\nblock_td_uid_6_69f2e100143cf.post_count = \"0\";\nblock_td_uid_6_69f2e100143cf.found_posts = \"0\";\nblock_td_uid_6_69f2e100143cf.header_color = \"\";\nblock_td_uid_6_69f2e100143cf.ajax_pagination_infinite_stop = \"\";\nblock_td_uid_6_69f2e100143cf.max_num_pages = \"0\";\ntdBlocksArray.push(block_td_uid_6_69f2e100143cf);\n<\/script><div class=\"td-block-title-wrap\"><\/div><div id=td_uid_6_69f2e100143cf class=\"td_block_inner td-column-1\"><\/div><\/div> <!-- .\/block -->[\/vc_column][\/vc_row][vc_row][vc_column width=\u00bb1\/2&#8243;]<div class=\"td_block_wrap td_block_16 td_uid_7_69f2e1001564e_rand td-pb-border-top td_block_template_11\"  data-td-block-uid=\"td_uid_7_69f2e1001564e\" ><script>var block_td_uid_7_69f2e1001564e = new tdBlock();\nblock_td_uid_7_69f2e1001564e.id = \"td_uid_7_69f2e1001564e\";\nblock_td_uid_7_69f2e1001564e.atts = '{\"limit\":\"4\",\"sort\":\"\",\"post_ids\":\"\",\"tag_slug\":\"\",\"autors_id\":\"\",\"installed_post_types\":\"\",\"category_id\":\"10\",\"category_ids\":\"\",\"custom_title\":\"TV\",\"custom_url\":\"\",\"show_child_cat\":\"\",\"sub_cat_ajax\":\"\",\"ajax_pagination\":\"\",\"header_color\":\"\",\"header_text_color\":\"\",\"ajax_pagination_infinite_stop\":\"\",\"td_column_number\":1,\"td_ajax_preloading\":\"\",\"td_ajax_filter_type\":\"\",\"td_ajax_filter_ids\":\"\",\"td_filter_default_txt\":\"Todo\",\"color_preset\":\"\",\"border_top\":\"\",\"class\":\"td_uid_7_69f2e1001564e_rand\",\"el_class\":\"\",\"offset\":\"\",\"css\":\"\",\"tdc_css\":\"\",\"tdc_css_class\":\"td_uid_7_69f2e1001564e_rand\",\"live_filter\":\"\",\"live_filter_cur_post_id\":\"\",\"live_filter_cur_post_author\":\"\",\"block_template_id\":\"\"}';\nblock_td_uid_7_69f2e1001564e.td_column_number = \"1\";\nblock_td_uid_7_69f2e1001564e.block_type = \"td_block_16\";\nblock_td_uid_7_69f2e1001564e.post_count = \"4\";\nblock_td_uid_7_69f2e1001564e.found_posts = \"2828\";\nblock_td_uid_7_69f2e1001564e.header_color = \"\";\nblock_td_uid_7_69f2e1001564e.ajax_pagination_infinite_stop = \"\";\nblock_td_uid_7_69f2e1001564e.max_num_pages = \"707\";\ntdBlocksArray.push(block_td_uid_7_69f2e1001564e);\n<\/script><div class=\"td-block-title-wrap\"><h4 class=\"td-block-title\"><span class=\"td-pulldown-size\">TV<\/span><\/h4><\/div><div id=td_uid_7_69f2e1001564e class=\"td_block_inner td-column-1\">\n\n\t<div class=\"td-block-span12\">\n\r\n        <div class=\"td_module_6 td_module_wrap td-animation-stack\">\r\n\r\n        <div class=\"td-module-thumb\"><a href=\"http:\/\/hoycordobaweb.com\/index.php\/2026\/04\/28\/el-increible-efecto-visual-con-el-que-chaplin-nos-hizo-creer-que-estaba-al-borde-de-la-muerte-en-esta-escena-mitica\/\" rel=\"bookmark\" title=\"El incre\u00edble efecto visual con el que Chaplin nos hizo creer que estaba al borde de la muerte en esta escena m\u00edtica\"><img width=\"100\" height=\"70\" class=\"entry-thumb\" src=\"http:\/\/hoycordobaweb.com\/wp-content\/uploads\/2026\/04\/el-increible-efecto-visual-con-el-que-chaplin-nos-hizo-creer-que-estaba-al-borde-de-la-muerte-en-esta-escena-mitica-100x70.jpg\" alt=\"\" title=\"El incre\u00edble efecto visual con el que Chaplin nos hizo creer que estaba al borde de la muerte en esta escena m\u00edtica\"\/><\/a><\/div>\r\n        <div class=\"item-details\">\r\n            <h3 class=\"entry-title td-module-title\"><a href=\"http:\/\/hoycordobaweb.com\/index.php\/2026\/04\/28\/el-increible-efecto-visual-con-el-que-chaplin-nos-hizo-creer-que-estaba-al-borde-de-la-muerte-en-esta-escena-mitica\/\" rel=\"bookmark\" title=\"El incre\u00edble efecto visual con el que Chaplin nos hizo creer que estaba al borde de la muerte en esta escena m\u00edtica\">El incre\u00edble efecto visual con el que Chaplin nos hizo creer...<\/a><\/h3>            <div class=\"td-module-meta-info\">\r\n                                                <span class=\"td-post-date\"><time class=\"entry-date updated td-module-date\" datetime=\"2026-04-28T21:03:45+00:00\" >28 de abril de 2026<\/time><\/span>                            <\/div>\r\n        <\/div>\r\n\r\n        <\/div>\r\n\r\n        \n\t<\/div> <!-- .\/td-block-span12 -->\n\n\t<div class=\"td-block-span12\">\n\r\n        <div class=\"td_module_6 td_module_wrap td-animation-stack\">\r\n\r\n        <div class=\"td-module-thumb\"><a href=\"http:\/\/hoycordobaweb.com\/index.php\/2026\/04\/28\/38-millones-de-visualizaciones-en-3-dias-la-pelicula-que-arrasa-en-netflix-con-uno-de-los-mejores-estrenos-de-la-historia-de-la-plataforma\/\" rel=\"bookmark\" title=\"38 millones de visualizaciones en 3 d\u00edas. La pel\u00edcula que arrasa en Netflix con uno de los mejores estrenos de la historia de la plataforma\"><img width=\"100\" height=\"70\" class=\"entry-thumb\" src=\"http:\/\/hoycordobaweb.com\/wp-content\/uploads\/2026\/04\/38-millones-de-visualizaciones-en-3-dias-la-pelicula-que-arrasa-en-netflix-con-uno-de-los-mejores-estrenos-de-la-historia-de-la-plataforma-100x70.jpg\" alt=\"\" title=\"38 millones de visualizaciones en 3 d\u00edas. La pel\u00edcula que arrasa en Netflix con uno de los mejores estrenos de la historia de la plataforma\"\/><\/a><\/div>\r\n        <div class=\"item-details\">\r\n            <h3 class=\"entry-title td-module-title\"><a href=\"http:\/\/hoycordobaweb.com\/index.php\/2026\/04\/28\/38-millones-de-visualizaciones-en-3-dias-la-pelicula-que-arrasa-en-netflix-con-uno-de-los-mejores-estrenos-de-la-historia-de-la-plataforma\/\" rel=\"bookmark\" title=\"38 millones de visualizaciones en 3 d\u00edas. La pel\u00edcula que arrasa en Netflix con uno de los mejores estrenos de la historia de la plataforma\">38 millones de visualizaciones en 3 d\u00edas. La pel\u00edcula que arrasa...<\/a><\/h3>            <div class=\"td-module-meta-info\">\r\n                                                <span class=\"td-post-date\"><time class=\"entry-date updated td-module-date\" datetime=\"2026-04-28T19:33:26+00:00\" >28 de abril de 2026<\/time><\/span>                            <\/div>\r\n        <\/div>\r\n\r\n        <\/div>\r\n\r\n        \n\t<\/div> <!-- .\/td-block-span12 -->\n\n\t<div class=\"td-block-span12\">\n\r\n        <div class=\"td_module_6 td_module_wrap td-animation-stack\">\r\n\r\n        <div class=\"td-module-thumb\"><a href=\"http:\/\/hoycordobaweb.com\/index.php\/2026\/04\/27\/the-boys-se-queda-sin-una-de-sus-piezas-clave-amazon-prime-video-cancela-sin-piedad-su-serie-mas-prometedora-y-deja-a-la-franquicia-con-dudas-sobre-su-futuro\/\" rel=\"bookmark\" title=\"&#8216;The Boys&#8217; se queda sin una de sus piezas clave. Amazon Prime Video cancela sin piedad su serie m\u00e1s prometedora y deja a la franquicia con dudas sobre su futuro\"><img width=\"100\" height=\"70\" class=\"entry-thumb\" src=\"http:\/\/hoycordobaweb.com\/wp-content\/uploads\/2026\/04\/the-boys-se-queda-sin-una-de-sus-piezas-clave-amazon-prime-video-cancela-sin-piedad-su-serie-mas-prometedora-y-deja-a-la-franquicia-con-dudas-sobre-su-futuro-100x70.jpg\" alt=\"\" title=\"&#8216;The Boys&#8217; se queda sin una de sus piezas clave. Amazon Prime Video cancela sin piedad su serie m\u00e1s prometedora y deja a la franquicia con dudas sobre su futuro\"\/><\/a><\/div>\r\n        <div class=\"item-details\">\r\n            <h3 class=\"entry-title td-module-title\"><a href=\"http:\/\/hoycordobaweb.com\/index.php\/2026\/04\/27\/the-boys-se-queda-sin-una-de-sus-piezas-clave-amazon-prime-video-cancela-sin-piedad-su-serie-mas-prometedora-y-deja-a-la-franquicia-con-dudas-sobre-su-futuro\/\" rel=\"bookmark\" title=\"&#8216;The Boys&#8217; se queda sin una de sus piezas clave. Amazon Prime Video cancela sin piedad su serie m\u00e1s prometedora y deja a la franquicia con dudas sobre su futuro\">&#8216;The Boys&#8217; se queda sin una de sus piezas clave. Amazon...<\/a><\/h3>            <div class=\"td-module-meta-info\">\r\n                                                <span class=\"td-post-date\"><time class=\"entry-date updated td-module-date\" datetime=\"2026-04-27T05:54:55+00:00\" >27 de abril de 2026<\/time><\/span>                            <\/div>\r\n        <\/div>\r\n\r\n        <\/div>\r\n\r\n        \n\t<\/div> <!-- .\/td-block-span12 -->\n\n\t<div class=\"td-block-span12\">\n\r\n        <div class=\"td_module_6 td_module_wrap td-animation-stack\">\r\n\r\n        <div class=\"td-module-thumb\"><a href=\"http:\/\/hoycordobaweb.com\/index.php\/2026\/04\/26\/michael-rompe-records-con-217-millones-en-cines-y-tiene-ya-un-objetivo-claro-destronar-a-bohemian-rhapsody\/\" rel=\"bookmark\" title=\"&#8216;Michael&#8217; rompe r\u00e9cords con 217 millones en cines y tiene ya un objetivo claro: destronar a &#8216;Bohemian Rhapsody&#8217;\"><img width=\"100\" height=\"70\" class=\"entry-thumb\" src=\"http:\/\/hoycordobaweb.com\/wp-content\/uploads\/2026\/04\/michael-rompe-records-con-217-millones-en-cines-y-tiene-ya-un-objetivo-claro-destronar-a-bohemian-rhapsody-100x70.jpg\" alt=\"\" title=\"&#8216;Michael&#8217; rompe r\u00e9cords con 217 millones en cines y tiene ya un objetivo claro: destronar a &#8216;Bohemian Rhapsody&#8217;\"\/><\/a><\/div>\r\n        <div class=\"item-details\">\r\n            <h3 class=\"entry-title td-module-title\"><a href=\"http:\/\/hoycordobaweb.com\/index.php\/2026\/04\/26\/michael-rompe-records-con-217-millones-en-cines-y-tiene-ya-un-objetivo-claro-destronar-a-bohemian-rhapsody\/\" rel=\"bookmark\" title=\"&#8216;Michael&#8217; rompe r\u00e9cords con 217 millones en cines y tiene ya un objetivo claro: destronar a &#8216;Bohemian Rhapsody&#8217;\">&#8216;Michael&#8217; rompe r\u00e9cords con 217 millones en cines y tiene ya...<\/a><\/h3>            <div class=\"td-module-meta-info\">\r\n                                                <span class=\"td-post-date\"><time class=\"entry-date updated td-module-date\" datetime=\"2026-04-26T18:07:49+00:00\" >26 de abril de 2026<\/time><\/span>                            <\/div>\r\n        <\/div>\r\n\r\n        <\/div>\r\n\r\n        \n\t<\/div> <!-- .\/td-block-span12 --><\/div><\/div> <!-- .\/block -->[vc_empty_space height=\u00bb16px\u00bb]<div class=\"td_block_wrap td_block_16 td_uid_9_69f2e10019000_rand td-pb-border-top td_block_template_11\"  data-td-block-uid=\"td_uid_9_69f2e10019000\" ><script>var block_td_uid_9_69f2e10019000 = new tdBlock();\nblock_td_uid_9_69f2e10019000.id = \"td_uid_9_69f2e10019000\";\nblock_td_uid_9_69f2e10019000.atts = '{\"limit\":\"4\",\"sort\":\"\",\"post_ids\":\"\",\"tag_slug\":\"\",\"autors_id\":\"\",\"installed_post_types\":\"\",\"category_id\":\"17\",\"category_ids\":\"\",\"custom_title\":\"COMUNICADOS : UNC - UTN\",\"custom_url\":\"\",\"show_child_cat\":\"\",\"sub_cat_ajax\":\"\",\"ajax_pagination\":\"\",\"header_color\":\"\",\"header_text_color\":\"\",\"ajax_pagination_infinite_stop\":\"\",\"td_column_number\":1,\"td_ajax_preloading\":\"\",\"td_ajax_filter_type\":\"\",\"td_ajax_filter_ids\":\"\",\"td_filter_default_txt\":\"Todo\",\"color_preset\":\"\",\"border_top\":\"\",\"class\":\"td_uid_9_69f2e10019000_rand\",\"el_class\":\"\",\"offset\":\"\",\"css\":\"\",\"tdc_css\":\"\",\"tdc_css_class\":\"td_uid_9_69f2e10019000_rand\",\"live_filter\":\"\",\"live_filter_cur_post_id\":\"\",\"live_filter_cur_post_author\":\"\",\"block_template_id\":\"\"}';\nblock_td_uid_9_69f2e10019000.td_column_number = \"1\";\nblock_td_uid_9_69f2e10019000.block_type = \"td_block_16\";\nblock_td_uid_9_69f2e10019000.post_count = \"4\";\nblock_td_uid_9_69f2e10019000.found_posts = \"219\";\nblock_td_uid_9_69f2e10019000.header_color = \"\";\nblock_td_uid_9_69f2e10019000.ajax_pagination_infinite_stop = \"\";\nblock_td_uid_9_69f2e10019000.max_num_pages = \"55\";\ntdBlocksArray.push(block_td_uid_9_69f2e10019000);\n<\/script><div class=\"td-block-title-wrap\"><h4 class=\"td-block-title\"><span class=\"td-pulldown-size\">COMUNICADOS : UNC - UTN<\/span><\/h4><\/div><div id=td_uid_9_69f2e10019000 class=\"td_block_inner td-column-1\">\n\n\t<div class=\"td-block-span12\">\n\r\n        <div class=\"td_module_6 td_module_wrap td-animation-stack\">\r\n\r\n        <div class=\"td-module-thumb\"><a href=\"http:\/\/hoycordobaweb.com\/index.php\/2026\/04\/26\/con-profundo-pesar\/\" rel=\"bookmark\" title=\"Con profundo pesar\"><img width=\"100\" height=\"70\" class=\"entry-thumb\" src=\"http:\/\/hoycordobaweb.com\/wp-content\/uploads\/2026\/04\/con-profundo-pesar-100x70.jpg\" srcset=\"http:\/\/hoycordobaweb.com\/wp-content\/uploads\/2026\/04\/con-profundo-pesar-100x70.jpg 100w, http:\/\/hoycordobaweb.com\/wp-content\/uploads\/2026\/04\/con-profundo-pesar-218x150.jpg 218w\" sizes=\"(max-width: 100px) 100vw, 100px\" alt=\"\" title=\"Con profundo pesar\"\/><\/a><\/div>\r\n        <div class=\"item-details\">\r\n            <h3 class=\"entry-title td-module-title\"><a href=\"http:\/\/hoycordobaweb.com\/index.php\/2026\/04\/26\/con-profundo-pesar\/\" rel=\"bookmark\" title=\"Con profundo pesar\">Con profundo pesar<\/a><\/h3>            <div class=\"td-module-meta-info\">\r\n                                                <span class=\"td-post-date\"><time class=\"entry-date updated td-module-date\" datetime=\"2026-04-26T13:57:09+00:00\" >26 de abril de 2026<\/time><\/span>                            <\/div>\r\n        <\/div>\r\n\r\n        <\/div>\r\n\r\n        \n\t<\/div> <!-- .\/td-block-span12 -->\n\n\t<div class=\"td-block-span12\">\n\r\n        <div class=\"td_module_6 td_module_wrap td-animation-stack\">\r\n\r\n        <div class=\"td-module-thumb\"><a href=\"http:\/\/hoycordobaweb.com\/index.php\/2026\/04\/24\/ingreso-para-mayores-de-25-anos-sin-secundario-completo\/\" rel=\"bookmark\" title=\"Ingreso para mayores de 25 a\u00f1os sin secundario completo\"><img width=\"100\" height=\"70\" class=\"entry-thumb\" src=\"http:\/\/hoycordobaweb.com\/wp-content\/uploads\/2026\/04\/ingreso-para-mayores-de-25-anos-sin-secundario-completo-100x70.jpg\" srcset=\"http:\/\/hoycordobaweb.com\/wp-content\/uploads\/2026\/04\/ingreso-para-mayores-de-25-anos-sin-secundario-completo-100x70.jpg 100w, http:\/\/hoycordobaweb.com\/wp-content\/uploads\/2026\/04\/ingreso-para-mayores-de-25-anos-sin-secundario-completo-218x150.jpg 218w\" sizes=\"(max-width: 100px) 100vw, 100px\" alt=\"\" title=\"Ingreso para mayores de 25 a\u00f1os sin secundario completo\"\/><\/a><\/div>\r\n        <div class=\"item-details\">\r\n            <h3 class=\"entry-title td-module-title\"><a href=\"http:\/\/hoycordobaweb.com\/index.php\/2026\/04\/24\/ingreso-para-mayores-de-25-anos-sin-secundario-completo\/\" rel=\"bookmark\" title=\"Ingreso para mayores de 25 a\u00f1os sin secundario completo\">Ingreso para mayores de 25 a\u00f1os sin secundario completo<\/a><\/h3>            <div class=\"td-module-meta-info\">\r\n                                                <span class=\"td-post-date\"><time class=\"entry-date updated td-module-date\" datetime=\"2026-04-24T12:40:36+00:00\" >24 de abril de 2026<\/time><\/span>                            <\/div>\r\n        <\/div>\r\n\r\n        <\/div>\r\n\r\n        \n\t<\/div> <!-- .\/td-block-span12 -->\n\n\t<div class=\"td-block-span12\">\n\r\n        <div class=\"td_module_6 td_module_wrap td-animation-stack\">\r\n\r\n        <div class=\"td-module-thumb\"><a href=\"http:\/\/hoycordobaweb.com\/index.php\/2026\/04\/14\/el-taller-teorico-practico-carga-de-antecedentes-dentro-del-sistema-integral-de-gestion-y-evaluacion\/\" rel=\"bookmark\" title=\"el Taller te\u00f3rico-pr\u00e1ctico \u201cCarga de antecedentes dentro del Sistema Integral de Gesti\u00f3n y Evaluaci\u00f3n\"><img width=\"100\" height=\"70\" class=\"entry-thumb\" src=\"http:\/\/hoycordobaweb.com\/wp-content\/uploads\/2026\/04\/el-taller-teorico-practico-carga-de-antecedentes-dentro-del-sistema-integral-de-gestion-y-evaluacion-100x70.jpg\" srcset=\"http:\/\/hoycordobaweb.com\/wp-content\/uploads\/2026\/04\/el-taller-teorico-practico-carga-de-antecedentes-dentro-del-sistema-integral-de-gestion-y-evaluacion-100x70.jpg 100w, http:\/\/hoycordobaweb.com\/wp-content\/uploads\/2026\/04\/el-taller-teorico-practico-carga-de-antecedentes-dentro-del-sistema-integral-de-gestion-y-evaluacion-218x150.jpg 218w\" sizes=\"(max-width: 100px) 100vw, 100px\" alt=\"\" title=\"el Taller te\u00f3rico-pr\u00e1ctico \u201cCarga de antecedentes dentro del Sistema Integral de Gesti\u00f3n y Evaluaci\u00f3n\"\/><\/a><\/div>\r\n        <div class=\"item-details\">\r\n            <h3 class=\"entry-title td-module-title\"><a href=\"http:\/\/hoycordobaweb.com\/index.php\/2026\/04\/14\/el-taller-teorico-practico-carga-de-antecedentes-dentro-del-sistema-integral-de-gestion-y-evaluacion\/\" rel=\"bookmark\" title=\"el Taller te\u00f3rico-pr\u00e1ctico \u201cCarga de antecedentes dentro del Sistema Integral de Gesti\u00f3n y Evaluaci\u00f3n\">el Taller te\u00f3rico-pr\u00e1ctico \u201cCarga de antecedentes dentro del Sistema Integral de...<\/a><\/h3>            <div class=\"td-module-meta-info\">\r\n                                                <span class=\"td-post-date\"><time class=\"entry-date updated td-module-date\" datetime=\"2026-04-14T14:12:09+00:00\" >14 de abril de 2026<\/time><\/span>                            <\/div>\r\n        <\/div>\r\n\r\n        <\/div>\r\n\r\n        \n\t<\/div> <!-- .\/td-block-span12 -->\n\n\t<div class=\"td-block-span12\">\n\r\n        <div class=\"td_module_6 td_module_wrap td-animation-stack\">\r\n\r\n        <div class=\"td-module-thumb\"><a href=\"http:\/\/hoycordobaweb.com\/index.php\/2026\/04\/01\/expresion-de-condolencias\/\" rel=\"bookmark\" title=\"Expresi\u00f3n de condolencias\"><img width=\"100\" height=\"70\" class=\"entry-thumb\" src=\"http:\/\/hoycordobaweb.com\/wp-content\/uploads\/2026\/04\/expresion-de-condolencias-100x70.jpg\" srcset=\"http:\/\/hoycordobaweb.com\/wp-content\/uploads\/2026\/04\/expresion-de-condolencias-100x70.jpg 100w, http:\/\/hoycordobaweb.com\/wp-content\/uploads\/2026\/04\/expresion-de-condolencias-218x150.jpg 218w\" sizes=\"(max-width: 100px) 100vw, 100px\" alt=\"\" title=\"Expresi\u00f3n de condolencias\"\/><\/a><\/div>\r\n        <div class=\"item-details\">\r\n            <h3 class=\"entry-title td-module-title\"><a href=\"http:\/\/hoycordobaweb.com\/index.php\/2026\/04\/01\/expresion-de-condolencias\/\" rel=\"bookmark\" title=\"Expresi\u00f3n de condolencias\">Expresi\u00f3n de condolencias<\/a><\/h3>            <div class=\"td-module-meta-info\">\r\n                                                <span class=\"td-post-date\"><time class=\"entry-date updated td-module-date\" datetime=\"2026-04-01T14:29:36+00:00\" >1 de abril de 2026<\/time><\/span>                            <\/div>\r\n        <\/div>\r\n\r\n        <\/div>\r\n\r\n        \n\t<\/div> <!-- .\/td-block-span12 --><\/div><\/div> <!-- .\/block -->[\/vc_column][vc_column width=\u00bb1\/2&#8243;]<div class=\"td_block_wrap td_block_1 td_uid_10_69f2e1001ae54_rand td-pb-border-top td_block_template_11\"  data-td-block-uid=\"td_uid_10_69f2e1001ae54\" ><script>var block_td_uid_10_69f2e1001ae54 = new tdBlock();\nblock_td_uid_10_69f2e1001ae54.id = \"td_uid_10_69f2e1001ae54\";\nblock_td_uid_10_69f2e1001ae54.atts = '{\"limit\":\"3\",\"sort\":\"\",\"post_ids\":\"\",\"tag_slug\":\"\",\"autors_id\":\"\",\"installed_post_types\":\"\",\"category_id\":\"\",\"category_ids\":\"-14,-18\",\"custom_title\":\"\",\"custom_url\":\"\",\"show_child_cat\":\"\",\"sub_cat_ajax\":\"\",\"ajax_pagination\":\"\",\"header_color\":\"\",\"header_text_color\":\"\",\"ajax_pagination_infinite_stop\":\"\",\"td_column_number\":1,\"td_ajax_preloading\":\"\",\"td_ajax_filter_type\":\"\",\"td_ajax_filter_ids\":\"\",\"td_filter_default_txt\":\"Todo\",\"color_preset\":\"\",\"border_top\":\"\",\"class\":\"td_uid_10_69f2e1001ae54_rand\",\"el_class\":\"\",\"offset\":\"\",\"css\":\"\",\"tdc_css\":\"\",\"tdc_css_class\":\"td_uid_10_69f2e1001ae54_rand\",\"live_filter\":\"\",\"live_filter_cur_post_id\":\"\",\"live_filter_cur_post_author\":\"\",\"block_template_id\":\"\"}';\nblock_td_uid_10_69f2e1001ae54.td_column_number = \"1\";\nblock_td_uid_10_69f2e1001ae54.block_type = \"td_block_1\";\nblock_td_uid_10_69f2e1001ae54.post_count = \"3\";\nblock_td_uid_10_69f2e1001ae54.found_posts = \"45904\";\nblock_td_uid_10_69f2e1001ae54.header_color = \"\";\nblock_td_uid_10_69f2e1001ae54.ajax_pagination_infinite_stop = \"\";\nblock_td_uid_10_69f2e1001ae54.max_num_pages = \"15302\";\ntdBlocksArray.push(block_td_uid_10_69f2e1001ae54);\n<\/script><div class=\"td-block-title-wrap\"><\/div><div id=td_uid_10_69f2e1001ae54 class=\"td_block_inner\">\n\n\t<div class=\"td-block-span12\">\n\r\n        <div class=\"td_module_4 td_module_wrap td-animation-stack\">\r\n            <div class=\"td-module-image\">\r\n                <div class=\"td-module-thumb\"><a href=\"http:\/\/hoycordobaweb.com\/index.php\/2026\/04\/29\/los-expertos-en-nutricion-y-longevidad-coinciden-levantarse-y-desayunar-al-momento-esta-mal-y-no-es-buena-idea\/\" rel=\"bookmark\" title=\"Los expertos en nutrici\u00f3n y longevidad coinciden: \u00abLevantarse y desayunar al momento est\u00e1 mal, y no es buena idea\u00bb\"><img width=\"324\" height=\"235\" class=\"entry-thumb\" src=\"http:\/\/hoycordobaweb.com\/wp-content\/uploads\/2026\/04\/los-expertos-en-nutricion-y-longevidad-coinciden-levantarse-y-desayunar-al-momento-esta-mal-y-no-es-buena-idea-324x235.jpg\" alt=\"\" title=\"Los expertos en nutrici\u00f3n y longevidad coinciden: \u00abLevantarse y desayunar al momento est\u00e1 mal, y no es buena idea\u00bb\"\/><\/a><\/div>                            <\/div>\r\n\r\n            <h3 class=\"entry-title td-module-title\"><a href=\"http:\/\/hoycordobaweb.com\/index.php\/2026\/04\/29\/los-expertos-en-nutricion-y-longevidad-coinciden-levantarse-y-desayunar-al-momento-esta-mal-y-no-es-buena-idea\/\" rel=\"bookmark\" title=\"Los expertos en nutrici\u00f3n y longevidad coinciden: \u00abLevantarse y desayunar al momento est\u00e1 mal, y no es buena idea\u00bb\">Los expertos en nutrici\u00f3n y longevidad coinciden: \u00abLevantarse y desayunar al...<\/a><\/h3>\r\n            <div class=\"td-module-meta-info\">\r\n                <span class=\"td-post-author-name\"><a href=\"http:\/\/hoycordobaweb.com\/index.php\/author\/gthief\/\">HoyCordobaWeb<\/a> <span>-<\/span> <\/span>                <span class=\"td-post-date\"><time class=\"entry-date updated td-module-date\" datetime=\"2026-04-29T07:01:52+00:00\" >29 de abril de 2026<\/time><\/span>                <div class=\"td-module-comments\"><a href=\"http:\/\/hoycordobaweb.com\/index.php\/2026\/04\/29\/los-expertos-en-nutricion-y-longevidad-coinciden-levantarse-y-desayunar-al-momento-esta-mal-y-no-es-buena-idea\/#respond\">0<\/a><\/div>            <\/div>\r\n\r\n            <div class=\"td-excerpt\">\r\n                Durante a\u00f1os, el desayuno ha cargado con el peso de ser la comida m\u00e1s importante del d\u00eda, un eslogan que las empresas de cereales...            <\/div>\r\n\r\n            \r\n        <\/div>\r\n\r\n        \n\t<\/div> <!-- .\/td-block-span12 -->\n\n\t<div class=\"td-block-span12\">\n\r\n        <div class=\"td_module_6 td_module_wrap td-animation-stack\">\r\n\r\n        <div class=\"td-module-thumb\"><a href=\"http:\/\/hoycordobaweb.com\/index.php\/2026\/04\/29\/zara-mango-y-mas-las-blusas-boho-que-parecen-de-los-70s-y-llevaremos-con-vaqueros-esta-primavera\/\" rel=\"bookmark\" title=\"Zara, Mango y m\u00e1s: las blusas boho que parecen de los 70s y llevaremos con vaqueros esta primavera\"><img width=\"100\" height=\"70\" class=\"entry-thumb\" src=\"http:\/\/hoycordobaweb.com\/wp-content\/uploads\/2026\/04\/zara-mango-y-mas-las-blusas-boho-que-parecen-de-los-70s-y-llevaremos-con-vaqueros-esta-primavera-100x70.jpg\" srcset=\"http:\/\/hoycordobaweb.com\/wp-content\/uploads\/2026\/04\/zara-mango-y-mas-las-blusas-boho-que-parecen-de-los-70s-y-llevaremos-con-vaqueros-esta-primavera-100x70.jpg 100w, http:\/\/hoycordobaweb.com\/wp-content\/uploads\/2026\/04\/zara-mango-y-mas-las-blusas-boho-que-parecen-de-los-70s-y-llevaremos-con-vaqueros-esta-primavera-218x150.jpg 218w\" sizes=\"(max-width: 100px) 100vw, 100px\" alt=\"\" title=\"Zara, Mango y m\u00e1s: las blusas boho que parecen de los 70s y llevaremos con vaqueros esta primavera\"\/><\/a><\/div>\r\n        <div class=\"item-details\">\r\n            <h3 class=\"entry-title td-module-title\"><a href=\"http:\/\/hoycordobaweb.com\/index.php\/2026\/04\/29\/zara-mango-y-mas-las-blusas-boho-que-parecen-de-los-70s-y-llevaremos-con-vaqueros-esta-primavera\/\" rel=\"bookmark\" title=\"Zara, Mango y m\u00e1s: las blusas boho que parecen de los 70s y llevaremos con vaqueros esta primavera\">Zara, Mango y m\u00e1s: las blusas boho que parecen de los...<\/a><\/h3>            <div class=\"td-module-meta-info\">\r\n                                                <span class=\"td-post-date\"><time class=\"entry-date updated td-module-date\" datetime=\"2026-04-29T06:31:52+00:00\" >29 de abril de 2026<\/time><\/span>                            <\/div>\r\n        <\/div>\r\n\r\n        <\/div>\r\n\r\n        \n\t<\/div> <!-- .\/td-block-span12 -->\n\n\t<div class=\"td-block-span12\">\n\r\n        <div class=\"td_module_6 td_module_wrap td-animation-stack\">\r\n\r\n        <div class=\"td-module-thumb\"><a href=\"http:\/\/hoycordobaweb.com\/index.php\/2026\/04\/29\/parecia-imposible-pero-este-equipo-chileno-hizo-algo-impensado-en-argentina-diario-as\/\" rel=\"bookmark\" title=\"Parec\u00eda imposible, pero este equipo chileno hizo algo impensado en Argentina &#8211; Diario AS\"><img width=\"100\" height=\"70\" class=\"entry-thumb\" src=\"http:\/\/hoycordobaweb.com\/wp-content\/themes\/Newspaper\/images\/no-thumb\/td_100x70.png\" alt=\"\"\/><\/a><\/div>\r\n        <div class=\"item-details\">\r\n            <h3 class=\"entry-title td-module-title\"><a href=\"http:\/\/hoycordobaweb.com\/index.php\/2026\/04\/29\/parecia-imposible-pero-este-equipo-chileno-hizo-algo-impensado-en-argentina-diario-as\/\" rel=\"bookmark\" title=\"Parec\u00eda imposible, pero este equipo chileno hizo algo impensado en Argentina &#8211; Diario AS\">Parec\u00eda imposible, pero este equipo chileno hizo algo impensado en Argentina...<\/a><\/h3>            <div class=\"td-module-meta-info\">\r\n                                                <span class=\"td-post-date\"><time class=\"entry-date updated td-module-date\" datetime=\"2026-04-29T05:55:01+00:00\" >29 de abril de 2026<\/time><\/span>                            <\/div>\r\n        <\/div>\r\n\r\n        <\/div>\r\n\r\n        \n\t<\/div> <!-- .\/td-block-span12 --><\/div><\/div> <!-- .\/block -->[\/vc_column][\/vc_row][vc_row][vc_column][vc_empty_space height=\u00bb16px\u00bb][\/vc_column][\/vc_row]<\/p>\n","protected":false},"excerpt":{"rendered":"<p>[vc_row el_class=\u00bbtd-grid-what\u00bb][vc_column][vc_single_image image=\u00bb135094&#8243; img_size=\u00bbfull\u00bb alignment=\u00bbcenter\u00bb onclick=\u00bbcustom_link\u00bb link=\u00bbhttps:\/\/www.cba.gov.ar\/prevencion-incendios\/\u00bb][vc_raw_html]JTVCc2dfcG9wdXAlMjBpZCUzRDYwMDc2JTVE[\/vc_raw_html][\/vc_column][\/vc_row][vc_row el_class=\u00bbtd-grid-what\u00bb][vc_column width=\u00bb1\/2&#8243;][vc_single_image image=\u00bb75485&#8243; img_size=\u00bbfull\u00bb alignment=\u00bbcenter\u00bb][\/vc_column][vc_column width=\u00bb1\/2&#8243;][vc_single_image image=\u00bb75488&#8243; img_size=\u00bbfull\u00bb onclick=\u00bbcustom_link\u00bb link=\u00bbhttps:\/\/www.hacemosunidosporcordoba.com\/\u00bb][\/vc_column][\/vc_row][vc_row][vc_column width=\u00bb1\/4&#8243;][\/vc_column][vc_column width=\u00bb1\/2&#8243;][vc_single_image image=\u00bb75486&#8243; img_size=\u00bbfull\u00bb alignment=\u00bbcenter\u00bb][\/vc_column][vc_column width=\u00bb1\/4&#8243;][\/vc_column][\/vc_row][vc_row][vc_column][\/vc_column][\/vc_row][vc_row][vc_column width=\u00bb2\/3&#8243;][vc_single_image image=\u00bb75487&#8243; img_size=\u00bbfull\u00bb][\/vc_column][vc_column width=\u00bb1\/3&#8243;][\/vc_column][\/vc_row][vc_row][vc_column width=\u00bb1\/2&#8243;][vc_empty_space height=\u00bb16px\u00bb][\/vc_column][vc_column width=\u00bb1\/2&#8243;][\/vc_column][\/vc_row][vc_row][vc_column][vc_empty_space height=\u00bb16px\u00bb][\/vc_column][\/vc_row]<\/p>\n","protected":false},"author":1,"featured_media":0,"parent":0,"menu_order":0,"comment_status":"closed","ping_status":"closed","template":"","meta":[],"_links":{"self":[{"href":"http:\/\/hoycordobaweb.com\/index.php\/wp-json\/wp\/v2\/pages\/27"}],"collection":[{"href":"http:\/\/hoycordobaweb.com\/index.php\/wp-json\/wp\/v2\/pages"}],"about":[{"href":"http:\/\/hoycordobaweb.com\/index.php\/wp-json\/wp\/v2\/types\/page"}],"author":[{"embeddable":true,"href":"http:\/\/hoycordobaweb.com\/index.php\/wp-json\/wp\/v2\/users\/1"}],"replies":[{"embeddable":true,"href":"http:\/\/hoycordobaweb.com\/index.php\/wp-json\/wp\/v2\/comments?post=27"}],"version-history":[{"count":81,"href":"http:\/\/hoycordobaweb.com\/index.php\/wp-json\/wp\/v2\/pages\/27\/revisions"}],"predecessor-version":[{"id":135095,"href":"http:\/\/hoycordobaweb.com\/index.php\/wp-json\/wp\/v2\/pages\/27\/revisions\/135095"}],"wp:attachment":[{"href":"http:\/\/hoycordobaweb.com\/index.php\/wp-json\/wp\/v2\/media?parent=27"}],"curies":[{"name":"wp","href":"https:\/\/api.w.org\/{rel}","templated":true}]}}